{"id":1282,"date":"2026-04-16T09:15:19","date_gmt":"2026-04-16T09:15:19","guid":{"rendered":"https:\/\/stainmobel.com\/?page_id=1282"},"modified":"2026-04-16T09:31:27","modified_gmt":"2026-04-16T09:31:27","slug":"catalogo-anna","status":"publish","type":"page","link":"https:\/\/stainmobel.com\/index.php\/catalogo-anna\/","title":{"rendered":"Cat\u00e1logo Anna"},"content":{"rendered":"\t\t<div data-elementor-type=\"wp-page\" data-elementor-id=\"1282\" class=\"elementor elementor-1282\" data-elementor-post-type=\"page\">\n\t\t\t\t<div class=\"elementor-element elementor-element-4e75d2d e-flex e-con-boxed e-con e-parent\" data-id=\"4e75d2d\" data-element_type=\"container\" data-e-type=\"container\" data-settings=\"{&quot;background_background&quot;:&quot;classic&quot;}\">\n\t\t\t\t\t<div class=\"e-con-inner\">\n\t\t\t\t<div class=\"elementor-element elementor-element-daf83e2 elementor-widget elementor-widget-heading\" data-id=\"daf83e2\" data-element_type=\"widget\" data-e-type=\"widget\" data-widget_type=\"heading.default\">\n\t\t\t\t\t<h1 class=\"elementor-heading-title elementor-size-default\">ANNA<\/h1>\t\t\t\t<\/div>\n\t\t\t\t\t<\/div>\n\t\t\t\t<\/div>\n\t\t<div class=\"elementor-element elementor-element-07a6f03 e-con-full e-flex e-con e-parent\" data-id=\"07a6f03\" data-element_type=\"container\" data-e-type=\"container\">\n\t\t<div class=\"elementor-element elementor-element-5fcedc0 e-con-full e-flex e-con e-child\" data-id=\"5fcedc0\" data-element_type=\"container\" data-e-type=\"container\">\n\t\t\t\t<div class=\"elementor-element elementor-element-f17ab44 elementor-widget elementor-widget-heading\" data-id=\"f17ab44\" data-element_type=\"widget\" data-e-type=\"widget\" data-widget_type=\"heading.default\">\n\t\t\t\t\t<h2 class=\"elementor-heading-title elementor-size-default\">Funcionalidad<\/h2>\t\t\t\t<\/div>\n\t\t\t\t<div class=\"elementor-element elementor-element-4fb3c16 elementor-widget elementor-widget-heading\" data-id=\"4fb3c16\" data-element_type=\"widget\" data-e-type=\"widget\" data-widget_type=\"heading.default\">\n\t\t\t\t\t<h2 class=\"elementor-heading-title elementor-size-default\">y versatilidad<\/h2>\t\t\t\t<\/div>\n\t\t\t\t<div class=\"elementor-element elementor-element-ac00f4f elementor-widget__width-initial elementor-widget elementor-widget-text-editor\" data-id=\"ac00f4f\" data-element_type=\"widget\" data-e-type=\"widget\" data-widget_type=\"text-editor.default\">\n\t\t\t\t\t\t\t\t\t<p>Anna es una colecci\u00f3n que invita a imaginar, crear y dar forma a espacios \u00fanicos, pensados para crecer, so\u00f1ar y disfrutar.<\/p>\t\t\t\t\t\t\t\t<\/div>\n\t\t\t\t<\/div>\n\t\t<div class=\"elementor-element elementor-element-45b2ea9 e-con-full e-flex e-con e-child\" data-id=\"45b2ea9\" data-element_type=\"container\" data-e-type=\"container\">\n\t\t\t\t<div class=\"elementor-element elementor-element-72ed6c1 elementor-widget elementor-widget-image\" data-id=\"72ed6c1\" data-element_type=\"widget\" data-e-type=\"widget\" data-widget_type=\"image.default\">\n\t\t\t\t\t\t\t\t\t\t\t\t\t\t\t<img fetchpriority=\"high\" decoding=\"async\" width=\"2560\" height=\"1623\" src=\"https:\/\/stainmobel.com\/wp-content\/uploads\/2026\/04\/Compactos-Comp-05-scaled.webp\" class=\"attachment-full size-full wp-image-1302\" alt=\"\" srcset=\"https:\/\/stainmobel.com\/wp-content\/uploads\/2026\/04\/Compactos-Comp-05-scaled.webp 2560w, https:\/\/stainmobel.com\/wp-content\/uploads\/2026\/04\/Compactos-Comp-05-300x190.webp 300w, https:\/\/stainmobel.com\/wp-content\/uploads\/2026\/04\/Compactos-Comp-05-1024x649.webp 1024w, https:\/\/stainmobel.com\/wp-content\/uploads\/2026\/04\/Compactos-Comp-05-768x487.webp 768w, https:\/\/stainmobel.com\/wp-content\/uploads\/2026\/04\/Compactos-Comp-05-1536x974.webp 1536w, https:\/\/stainmobel.com\/wp-content\/uploads\/2026\/04\/Compactos-Comp-05-2048x1298.webp 2048w\" sizes=\"(max-width: 2560px) 100vw, 2560px\" \/>\t\t\t\t\t\t\t\t\t\t\t\t\t\t\t<\/div>\n\t\t\t\t<\/div>\n\t\t\t\t<\/div>\n\t\t<div class=\"elementor-element elementor-element-bb28c43 elementor-hidden-desktop elementor-hidden-tablet e-flex e-con-boxed e-con e-parent\" data-id=\"bb28c43\" data-element_type=\"container\" data-e-type=\"container\" data-settings=\"{&quot;background_background&quot;:&quot;classic&quot;}\">\n\t\t\t\t\t<div class=\"e-con-inner\">\n\t\t\t\t<div class=\"elementor-element elementor-element-c991534 elementor-widget elementor-widget-heading\" data-id=\"c991534\" data-element_type=\"widget\" data-e-type=\"widget\" data-widget_type=\"heading.default\">\n\t\t\t\t\t<h2 class=\"elementor-heading-title elementor-size-default\">Imagina, combina y crea un espacio que crezca con ellos.<\/h2>\t\t\t\t<\/div>\n\t\t\t\t\t<\/div>\n\t\t\t\t<\/div>\n\t\t<div class=\"elementor-element elementor-element-4fab350 e-con-full e-flex e-con e-parent\" data-id=\"4fab350\" data-element_type=\"container\" data-e-type=\"container\">\n\t\t<div class=\"elementor-element elementor-element-f60378d e-con-full e-flex e-con e-child\" data-id=\"f60378d\" data-element_type=\"container\" data-e-type=\"container\" data-settings=\"{&quot;background_background&quot;:&quot;classic&quot;}\">\n\t\t\t\t<div class=\"elementor-element elementor-element-d2d4305 elementor-widget elementor-widget-heading\" data-id=\"d2d4305\" data-element_type=\"widget\" data-e-type=\"widget\" data-widget_type=\"heading.default\">\n\t\t\t\t\t<h2 class=\"elementor-heading-title elementor-size-default\">Espacios<\/h2>\t\t\t\t<\/div>\n\t\t\t\t<div class=\"elementor-element elementor-element-206c916 elementor-widget__width-initial elementor-widget elementor-widget-text-editor\" data-id=\"206c916\" data-element_type=\"widget\" data-e-type=\"widget\" data-widget_type=\"text-editor.default\">\n\t\t\t\t\t\t\t\t\t<p>Los dormitorios Anna est\u00e1n dise\u00f1ados para adaptarse a cada etapa, combinando color, funcionalidad y versatilidad. Espacios que permiten personalizar cada detalle, desde la distribuci\u00f3n hasta los acabados, incorporando soluciones como camas compactas, abatibles o modulares. Un entorno din\u00e1mico y pr\u00e1ctico que acompa\u00f1a su d\u00eda a d\u00eda sin renunciar al dise\u00f1o.<\/p>\t\t\t\t\t\t\t\t<\/div>\n\t\t\t\t<\/div>\n\t\t<div class=\"elementor-element elementor-element-dd22961 e-con-full e-flex e-con e-child\" data-id=\"dd22961\" data-element_type=\"container\" data-e-type=\"container\" data-settings=\"{&quot;background_background&quot;:&quot;classic&quot;}\">\n\t\t\t\t<\/div>\n\t\t\t\t<\/div>\n\t\t<div class=\"elementor-element elementor-element-25ad039 e-flex e-con-boxed e-con e-parent\" data-id=\"25ad039\" data-element_type=\"container\" data-e-type=\"container\" data-settings=\"{&quot;background_background&quot;:&quot;classic&quot;}\">\n\t\t\t\t\t<div class=\"e-con-inner\">\n\t\t\t\t<div class=\"elementor-element elementor-element-e2f7fae elementor-widget elementor-widget-heading\" data-id=\"e2f7fae\" data-element_type=\"widget\" data-e-type=\"widget\" data-widget_type=\"heading.default\">\n\t\t\t\t\t<h2 class=\"elementor-heading-title elementor-size-default\">ANNA<\/h2>\t\t\t\t<\/div>\n\t\t\t\t<div class=\"elementor-element elementor-element-5a4ca63 elementor-widget elementor-widget-heading\" data-id=\"5a4ca63\" data-element_type=\"widget\" data-e-type=\"widget\" data-widget_type=\"heading.default\">\n\t\t\t\t\t<h4 class=\"elementor-heading-title elementor-size-default\">Imagina, combina y crea un espacio que crezca con ellos.<\/h4>\t\t\t\t<\/div>\n\t\t\t\t<div class=\"elementor-element elementor-element-5fb425c elementor-align-center elementor-widget__width-inherit elementor-widget elementor-widget-button\" data-id=\"5fb425c\" data-element_type=\"widget\" data-e-type=\"widget\" data-widget_type=\"button.default\">\n\t\t\t\t\t\t\t\t\t\t<a class=\"elementor-button elementor-button-link elementor-size-sm elementor-animation-grow\" href=\"https:\/\/stainmobel.com\/index.php\/consigue-tu-catalogo\/\">\n\t\t\t\t\t\t<span class=\"elementor-button-content-wrapper\">\n\t\t\t\t\t\t\t\t\t<span class=\"elementor-button-text\">Descargar cat\u00e1logo<\/span>\n\t\t\t\t\t<\/span>\n\t\t\t\t\t<\/a>\n\t\t\t\t\t\t\t\t<\/div>\n\t\t\t\t\t<\/div>\n\t\t\t\t<\/div>\n\t\t<div class=\"elementor-element elementor-element-b51fe3b e-con-full e-flex e-con e-parent\" data-id=\"b51fe3b\" data-element_type=\"container\" data-e-type=\"container\">\n\t\t\t\t<div class=\"elementor-element elementor-element-6086499 elementor-widget elementor-widget-heading\" data-id=\"6086499\" data-element_type=\"widget\" data-e-type=\"widget\" data-widget_type=\"heading.default\">\n\t\t\t\t\t<h2 class=\"elementor-heading-title elementor-size-default\">Anna<\/h2>\t\t\t\t<\/div>\n\t\t\t\t<div class=\"elementor-element elementor-element-63c7c02 elementor-widget elementor-widget-heading\" data-id=\"63c7c02\" data-element_type=\"widget\" data-e-type=\"widget\" data-widget_type=\"heading.default\">\n\t\t\t\t\t<h4 class=\"elementor-heading-title elementor-size-default\">Una colecci\u00f3n para dejarte llevar<\/h4>\t\t\t\t<\/div>\n\t\t\t\t<div class=\"elementor-element elementor-element-e52da01 elementor-widget elementor-widget-gallery\" data-id=\"e52da01\" data-element_type=\"widget\" data-e-type=\"widget\" data-settings=\"{&quot;gallery_layout&quot;:&quot;masonry&quot;,&quot;columns&quot;:2,&quot;image_hover_animation&quot;:&quot;grow&quot;,&quot;lazyload&quot;:&quot;yes&quot;,&quot;columns_tablet&quot;:2,&quot;columns_mobile&quot;:1,&quot;gap&quot;:{&quot;unit&quot;:&quot;px&quot;,&quot;size&quot;:10,&quot;sizes&quot;:[]},&quot;gap_tablet&quot;:{&quot;unit&quot;:&quot;px&quot;,&quot;size&quot;:10,&quot;sizes&quot;:[]},&quot;gap_mobile&quot;:{&quot;unit&quot;:&quot;px&quot;,&quot;size&quot;:10,&quot;sizes&quot;:[]},&quot;content_hover_animation&quot;:&quot;fade-in&quot;}\" data-widget_type=\"gallery.default\">\n\t\t\t\t\t\t\t<div class=\"elementor-gallery__container\">\n\t\t\t\t\t\t\t<div class=\"e-gallery-item elementor-gallery-item elementor-animated-content\">\n\t\t\t\t\t<div class=\"e-gallery-image elementor-gallery-item__image\" data-thumbnail=\"https:\/\/stainmobel.com\/wp-content\/uploads\/2026\/04\/Armario-chaflan-detalle-scaled.webp\" data-width=\"2560\" data-height=\"2560\" aria-label=\"\" role=\"img\" ><\/div>\n\t\t\t\t\t\t\t\t\t\t\t\t\t\t<\/div>\n\t\t\t\t\t\t\t<div class=\"e-gallery-item elementor-gallery-item elementor-animated-content\">\n\t\t\t\t\t<div class=\"e-gallery-image elementor-gallery-item__image\" data-thumbnail=\"https:\/\/stainmobel.com\/wp-content\/uploads\/2026\/04\/Foto-38-fotos-cubos-detalle-1-scaled.webp\" data-width=\"2560\" data-height=\"2560\" aria-label=\"\" role=\"img\" ><\/div>\n\t\t\t\t\t\t\t\t\t\t\t\t\t\t<\/div>\n\t\t\t\t\t\t\t<div class=\"e-gallery-item elementor-gallery-item elementor-animated-content\">\n\t\t\t\t\t<div class=\"e-gallery-image elementor-gallery-item__image\" data-thumbnail=\"https:\/\/stainmobel.com\/wp-content\/uploads\/2026\/04\/Foto-35-Comp-Varias-Hogar-dulce-detalle-2-scaled.webp\" data-width=\"2560\" data-height=\"2126\" aria-label=\"\" role=\"img\" ><\/div>\n\t\t\t\t\t\t\t\t\t\t\t\t\t\t<\/div>\n\t\t\t\t\t\t\t<div class=\"e-gallery-item elementor-gallery-item elementor-animated-content\">\n\t\t\t\t\t<div class=\"e-gallery-image elementor-gallery-item__image\" data-thumbnail=\"https:\/\/stainmobel.com\/wp-content\/uploads\/2026\/04\/Foto-33-Plegables-Comp-06-detalle-scaled.webp\" data-width=\"2560\" data-height=\"2560\" aria-label=\"\" role=\"img\" ><\/div>\n\t\t\t\t\t\t\t\t\t\t\t\t\t\t<\/div>\n\t\t\t\t\t\t\t<div class=\"e-gallery-item elementor-gallery-item elementor-animated-content\">\n\t\t\t\t\t<div class=\"e-gallery-image elementor-gallery-item__image\" data-thumbnail=\"https:\/\/stainmobel.com\/wp-content\/uploads\/2026\/04\/Foto-17-Literas-Comp-06-detalle2-scaled.webp\" data-width=\"2560\" data-height=\"2560\" aria-label=\"\" role=\"img\" ><\/div>\n\t\t\t\t\t\t\t\t\t\t\t\t\t\t<\/div>\n\t\t\t\t\t\t\t<div class=\"e-gallery-item elementor-gallery-item elementor-animated-content\">\n\t\t\t\t\t<div class=\"e-gallery-image elementor-gallery-item__image\" data-thumbnail=\"https:\/\/stainmobel.com\/wp-content\/uploads\/2026\/04\/Foto-09-Nidos-Comp-04-detalle-01-scaled.webp\" data-width=\"2560\" data-height=\"1810\" aria-label=\"\" role=\"img\" ><\/div>\n\t\t\t\t\t\t\t\t\t\t\t\t\t\t<\/div>\n\t\t\t\t\t<\/div>\n\t\t\t\t\t<\/div>\n\t\t\t\t<\/div>\n\t\t<div class=\"elementor-element elementor-element-7d7e5c9 e-flex e-con-boxed e-con e-parent\" data-id=\"7d7e5c9\" data-element_type=\"container\" data-e-type=\"container\">\n\t\t\t\t\t<div class=\"e-con-inner\">\n\t\t\t\t<div class=\"elementor-element elementor-element-477db73 elementor-align-center elementor-widget__width-auto elementor-mobile-align-justify elementor-widget-mobile__width-inherit elementor-widget elementor-widget-button\" data-id=\"477db73\" data-element_type=\"widget\" data-e-type=\"widget\" data-widget_type=\"button.default\">\n\t\t\t\t\t\t\t\t\t\t<a class=\"elementor-button elementor-button-link elementor-size-sm elementor-animation-grow\" href=\"https:\/\/stainmobel.com\/index.php\/anna\/\">\n\t\t\t\t\t\t<span class=\"elementor-button-content-wrapper\">\n\t\t\t\t\t\t\t\t\t<span class=\"elementor-button-text\">VER PRODUCTOS<\/span>\n\t\t\t\t\t<\/span>\n\t\t\t\t\t<\/a>\n\t\t\t\t\t\t\t\t<\/div>\n\t\t\t\t<div class=\"elementor-element elementor-element-19ee0d9 elementor-align-center elementor-widget__width-auto elementor-mobile-align-justify elementor-widget-mobile__width-inherit elementor-widget elementor-widget-button\" data-id=\"19ee0d9\" data-element_type=\"widget\" data-e-type=\"widget\" data-widget_type=\"button.default\">\n\t\t\t\t\t\t\t\t\t\t<a class=\"elementor-button elementor-button-link elementor-size-sm elementor-animation-grow\" href=\"https:\/\/stainmobel.com\/index.php\/consigue-tu-catalogo\/\">\n\t\t\t\t\t\t<span class=\"elementor-button-content-wrapper\">\n\t\t\t\t\t\t\t\t\t<span class=\"elementor-button-text\">Descargar<\/span>\n\t\t\t\t\t<\/span>\n\t\t\t\t\t<\/a>\n\t\t\t\t\t\t\t\t<\/div>\n\t\t\t\t\t<\/div>\n\t\t\t\t<\/div>\n\t\t\t\t<\/div>\n\t\t","protected":false},"excerpt":{"rendered":"<p>ANNA Funcionalidad y versatilidad Anna es una colecci\u00f3n que invita a imaginar, crear y dar forma a espacios \u00fanicos, pensados [&hellip;]<\/p>\n","protected":false},"author":1,"featured_media":0,"parent":0,"menu_order":0,"comment_status":"closed","ping_status":"closed","template":"elementor_header_footer","meta":{"site-sidebar-layout":"no-sidebar","site-content-layout":"","ast-site-content-layout":"normal-width-container","site-content-style":"unboxed","site-sidebar-style":"default","ast-global-header-display":"","ast-banner-title-visibility":"","ast-main-header-display":"","ast-hfb-above-header-display":"","ast-hfb-below-header-display":"","ast-hfb-mobile-header-display":"","site-post-title":"","ast-breadcrumbs-content":"","ast-featured-img":"disabled","footer-sml-layout":"","ast-disable-related-posts":"","theme-transparent-header-meta":"default","adv-header-id-meta":"","stick-header-meta":"","header-above-stick-meta":"","header-main-stick-meta":"","header-below-stick-meta":"","astra-migrate-meta-layouts":"set","ast-page-background-enabled":"default","ast-page-background-meta":{"desktop":{"background-color":"var(--ast-global-color-5)","background-image":"","background-repeat":"repeat","background-position":"center center","background-size":"auto","background-attachment":"scroll","background-type":"","background-media":"","overlay-type":"","overlay-color":"","overlay-opacity":"","overlay-gradient":""},"tablet":{"background-color":"","background-image":"","background-repeat":"repeat","background-position":"center center","background-size":"auto","background-attachment":"scroll","background-type":"","background-media":"","overlay-type":"","overlay-color":"","overlay-opacity":"","overlay-gradient":""},"mobile":{"background-color":"","background-image":"","background-repeat":"repeat","background-position":"center center","background-size":"auto","background-attachment":"scroll","background-type":"","background-media":"","overlay-type":"","overlay-color":"","overlay-opacity":"","overlay-gradient":""}},"ast-content-background-meta":{"desktop":{"background-color":"var(--ast-global-color-4)","background-image":"","background-repeat":"repeat","background-position":"center center","background-size":"auto","background-attachment":"scroll","background-type":"","background-media":"","overlay-type":"","overlay-color":"","overlay-opacity":"","overlay-gradient":""},"tablet":{"background-color":"var(--ast-global-color-4)","background-image":"","background-repeat":"repeat","background-position":"center center","background-size":"auto","background-attachment":"scroll","background-type":"","background-media":"","overlay-type":"","overlay-color":"","overlay-opacity":"","overlay-gradient":""},"mobile":{"background-color":"var(--ast-global-color-4)","background-image":"","background-repeat":"repeat","background-position":"center center","background-size":"auto","background-attachment":"scroll","background-type":"","background-media":"","overlay-type":"","overlay-color":"","overlay-opacity":"","overlay-gradient":""}},"footnotes":""},"class_list":["post-1282","page","type-page","status-publish","hentry"],"yoast_head":"<!-- This site is optimized with the Yoast SEO plugin v27.4 - https:\/\/yoast.com\/product\/yoast-seo-wordpress\/ -->\n<title>Cat\u00e1logo Anna - Stainmobel<\/title>\n<meta name=\"robots\" content=\"index, follow, max-snippet:-1, max-image-preview:large, max-video-preview:-1\" \/>\n<link rel=\"canonical\" href=\"https:\/\/stainmobel.com\/index.php\/catalogo-anna\/\" \/>\n<meta property=\"og:locale\" content=\"es_ES\" \/>\n<meta property=\"og:type\" content=\"article\" \/>\n<meta property=\"og:title\" content=\"Cat\u00e1logo Anna - Stainmobel\" \/>\n<meta property=\"og:description\" content=\"ANNA Funcionalidad y versatilidad Anna es una colecci\u00f3n que invita a imaginar, crear y dar forma a espacios \u00fanicos, pensados [&hellip;]\" \/>\n<meta property=\"og:url\" content=\"https:\/\/stainmobel.com\/index.php\/catalogo-anna\/\" \/>\n<meta property=\"og:site_name\" content=\"Stainmobel\" \/>\n<meta property=\"article:modified_time\" content=\"2026-04-16T09:31:27+00:00\" \/>\n<meta property=\"og:image\" content=\"https:\/\/stainmobel.com\/wp-content\/uploads\/2026\/04\/Compactos-Comp-05-scaled.webp\" \/>\n\t<meta property=\"og:image:width\" content=\"2560\" \/>\n\t<meta property=\"og:image:height\" content=\"1623\" \/>\n\t<meta property=\"og:image:type\" content=\"image\/webp\" \/>\n<meta name=\"twitter:card\" content=\"summary_large_image\" \/>\n<meta name=\"twitter:label1\" content=\"Tiempo de lectura\" \/>\n\t<meta name=\"twitter:data1\" content=\"1 minuto\" \/>\n<script type=\"application\/ld+json\" class=\"yoast-schema-graph\">{\"@context\":\"https:\\\/\\\/schema.org\",\"@graph\":[{\"@type\":\"WebPage\",\"@id\":\"https:\\\/\\\/stainmobel.com\\\/index.php\\\/catalogo-anna\\\/\",\"url\":\"https:\\\/\\\/stainmobel.com\\\/index.php\\\/catalogo-anna\\\/\",\"name\":\"Cat\u00e1logo Anna - Stainmobel\",\"isPartOf\":{\"@id\":\"https:\\\/\\\/stainmobel.com\\\/#website\"},\"primaryImageOfPage\":{\"@id\":\"https:\\\/\\\/stainmobel.com\\\/index.php\\\/catalogo-anna\\\/#primaryimage\"},\"image\":{\"@id\":\"https:\\\/\\\/stainmobel.com\\\/index.php\\\/catalogo-anna\\\/#primaryimage\"},\"thumbnailUrl\":\"https:\\\/\\\/stainmobel.com\\\/wp-content\\\/uploads\\\/2026\\\/04\\\/Compactos-Comp-05-scaled.webp\",\"datePublished\":\"2026-04-16T09:15:19+00:00\",\"dateModified\":\"2026-04-16T09:31:27+00:00\",\"breadcrumb\":{\"@id\":\"https:\\\/\\\/stainmobel.com\\\/index.php\\\/catalogo-anna\\\/#breadcrumb\"},\"inLanguage\":\"es\",\"potentialAction\":[{\"@type\":\"ReadAction\",\"target\":[\"https:\\\/\\\/stainmobel.com\\\/index.php\\\/catalogo-anna\\\/\"]}]},{\"@type\":\"ImageObject\",\"inLanguage\":\"es\",\"@id\":\"https:\\\/\\\/stainmobel.com\\\/index.php\\\/catalogo-anna\\\/#primaryimage\",\"url\":\"https:\\\/\\\/stainmobel.com\\\/wp-content\\\/uploads\\\/2026\\\/04\\\/Compactos-Comp-05-scaled.webp\",\"contentUrl\":\"https:\\\/\\\/stainmobel.com\\\/wp-content\\\/uploads\\\/2026\\\/04\\\/Compactos-Comp-05-scaled.webp\",\"width\":2560,\"height\":1623},{\"@type\":\"BreadcrumbList\",\"@id\":\"https:\\\/\\\/stainmobel.com\\\/index.php\\\/catalogo-anna\\\/#breadcrumb\",\"itemListElement\":[{\"@type\":\"ListItem\",\"position\":1,\"name\":\"Portada\",\"item\":\"https:\\\/\\\/stainmobel.com\\\/\"},{\"@type\":\"ListItem\",\"position\":2,\"name\":\"Cat\u00e1logo Anna\"}]},{\"@type\":\"WebSite\",\"@id\":\"https:\\\/\\\/stainmobel.com\\\/#website\",\"url\":\"https:\\\/\\\/stainmobel.com\\\/\",\"name\":\"Stainmobel\",\"description\":\"\",\"publisher\":{\"@id\":\"https:\\\/\\\/stainmobel.com\\\/#organization\"},\"potentialAction\":[{\"@type\":\"SearchAction\",\"target\":{\"@type\":\"EntryPoint\",\"urlTemplate\":\"https:\\\/\\\/stainmobel.com\\\/?s={search_term_string}\"},\"query-input\":{\"@type\":\"PropertyValueSpecification\",\"valueRequired\":true,\"valueName\":\"search_term_string\"}}],\"inLanguage\":\"es\"},{\"@type\":\"Organization\",\"@id\":\"https:\\\/\\\/stainmobel.com\\\/#organization\",\"name\":\"Stainmobel\",\"url\":\"https:\\\/\\\/stainmobel.com\\\/\",\"logo\":{\"@type\":\"ImageObject\",\"inLanguage\":\"es\",\"@id\":\"https:\\\/\\\/stainmobel.com\\\/#\\\/schema\\\/logo\\\/image\\\/\",\"url\":\"https:\\\/\\\/stainmobel.com\\\/wp-content\\\/uploads\\\/2026\\\/02\\\/cropped-logo-StainMobel-2021-Rosa-scaled-1.webp\",\"contentUrl\":\"https:\\\/\\\/stainmobel.com\\\/wp-content\\\/uploads\\\/2026\\\/02\\\/cropped-logo-StainMobel-2021-Rosa-scaled-1.webp\",\"width\":2560,\"height\":807,\"caption\":\"Stainmobel\"},\"image\":{\"@id\":\"https:\\\/\\\/stainmobel.com\\\/#\\\/schema\\\/logo\\\/image\\\/\"}}]}<\/script>\n<!-- \/ Yoast SEO plugin. -->","yoast_head_json":{"title":"Cat\u00e1logo Anna - Stainmobel","robots":{"index":"index","follow":"follow","max-snippet":"max-snippet:-1","max-image-preview":"max-image-preview:large","max-video-preview":"max-video-preview:-1"},"canonical":"https:\/\/stainmobel.com\/index.php\/catalogo-anna\/","og_locale":"es_ES","og_type":"article","og_title":"Cat\u00e1logo Anna - Stainmobel","og_description":"ANNA Funcionalidad y versatilidad Anna es una colecci\u00f3n que invita a imaginar, crear y dar forma a espacios \u00fanicos, pensados [&hellip;]","og_url":"https:\/\/stainmobel.com\/index.php\/catalogo-anna\/","og_site_name":"Stainmobel","article_modified_time":"2026-04-16T09:31:27+00:00","og_image":[{"width":2560,"height":1623,"url":"https:\/\/stainmobel.com\/wp-content\/uploads\/2026\/04\/Compactos-Comp-05-scaled.webp","type":"image\/webp"}],"twitter_card":"summary_large_image","twitter_misc":{"Tiempo de lectura":"1 minuto"},"schema":{"@context":"https:\/\/schema.org","@graph":[{"@type":"WebPage","@id":"https:\/\/stainmobel.com\/index.php\/catalogo-anna\/","url":"https:\/\/stainmobel.com\/index.php\/catalogo-anna\/","name":"Cat\u00e1logo Anna - Stainmobel","isPartOf":{"@id":"https:\/\/stainmobel.com\/#website"},"primaryImageOfPage":{"@id":"https:\/\/stainmobel.com\/index.php\/catalogo-anna\/#primaryimage"},"image":{"@id":"https:\/\/stainmobel.com\/index.php\/catalogo-anna\/#primaryimage"},"thumbnailUrl":"https:\/\/stainmobel.com\/wp-content\/uploads\/2026\/04\/Compactos-Comp-05-scaled.webp","datePublished":"2026-04-16T09:15:19+00:00","dateModified":"2026-04-16T09:31:27+00:00","breadcrumb":{"@id":"https:\/\/stainmobel.com\/index.php\/catalogo-anna\/#breadcrumb"},"inLanguage":"es","potentialAction":[{"@type":"ReadAction","target":["https:\/\/stainmobel.com\/index.php\/catalogo-anna\/"]}]},{"@type":"ImageObject","inLanguage":"es","@id":"https:\/\/stainmobel.com\/index.php\/catalogo-anna\/#primaryimage","url":"https:\/\/stainmobel.com\/wp-content\/uploads\/2026\/04\/Compactos-Comp-05-scaled.webp","contentUrl":"https:\/\/stainmobel.com\/wp-content\/uploads\/2026\/04\/Compactos-Comp-05-scaled.webp","width":2560,"height":1623},{"@type":"BreadcrumbList","@id":"https:\/\/stainmobel.com\/index.php\/catalogo-anna\/#breadcrumb","itemListElement":[{"@type":"ListItem","position":1,"name":"Portada","item":"https:\/\/stainmobel.com\/"},{"@type":"ListItem","position":2,"name":"Cat\u00e1logo Anna"}]},{"@type":"WebSite","@id":"https:\/\/stainmobel.com\/#website","url":"https:\/\/stainmobel.com\/","name":"Stainmobel","description":"","publisher":{"@id":"https:\/\/stainmobel.com\/#organization"},"potentialAction":[{"@type":"SearchAction","target":{"@type":"EntryPoint","urlTemplate":"https:\/\/stainmobel.com\/?s={search_term_string}"},"query-input":{"@type":"PropertyValueSpecification","valueRequired":true,"valueName":"search_term_string"}}],"inLanguage":"es"},{"@type":"Organization","@id":"https:\/\/stainmobel.com\/#organization","name":"Stainmobel","url":"https:\/\/stainmobel.com\/","logo":{"@type":"ImageObject","inLanguage":"es","@id":"https:\/\/stainmobel.com\/#\/schema\/logo\/image\/","url":"https:\/\/stainmobel.com\/wp-content\/uploads\/2026\/02\/cropped-logo-StainMobel-2021-Rosa-scaled-1.webp","contentUrl":"https:\/\/stainmobel.com\/wp-content\/uploads\/2026\/02\/cropped-logo-StainMobel-2021-Rosa-scaled-1.webp","width":2560,"height":807,"caption":"Stainmobel"},"image":{"@id":"https:\/\/stainmobel.com\/#\/schema\/logo\/image\/"}}]}},"_links":{"self":[{"href":"https:\/\/stainmobel.com\/index.php\/wp-json\/wp\/v2\/pages\/1282","targetHints":{"allow":["GET"]}}],"collection":[{"href":"https:\/\/stainmobel.com\/index.php\/wp-json\/wp\/v2\/pages"}],"about":[{"href":"https:\/\/stainmobel.com\/index.php\/wp-json\/wp\/v2\/types\/page"}],"author":[{"embeddable":true,"href":"https:\/\/stainmobel.com\/index.php\/wp-json\/wp\/v2\/users\/1"}],"replies":[{"embeddable":true,"href":"https:\/\/stainmobel.com\/index.php\/wp-json\/wp\/v2\/comments?post=1282"}],"version-history":[{"count":7,"href":"https:\/\/stainmobel.com\/index.php\/wp-json\/wp\/v2\/pages\/1282\/revisions"}],"predecessor-version":[{"id":1399,"href":"https:\/\/stainmobel.com\/index.php\/wp-json\/wp\/v2\/pages\/1282\/revisions\/1399"}],"wp:attachment":[{"href":"https:\/\/stainmobel.com\/index.php\/wp-json\/wp\/v2\/media?parent=1282"}],"curies":[{"name":"wp","href":"https:\/\/api.w.org\/{rel}","templated":true}]}}